{"id":306529,"date":"2025-02-11T15:16:21","date_gmt":"2025-02-11T18:16:21","guid":{"rendered":"https:\/\/wordpress.instacarro.com\/?page_id=306529"},"modified":"2025-03-05T12:31:39","modified_gmt":"2025-03-05T15:31:39","slug":"noticias-automotivas","status":"publish","type":"page","link":"https:\/\/sandbox.instacarro.com\/blog\/noticias-automotivas","title":{"rendered":"Not\u00edcias"},"content":{"rendered":"\t\t<div data-elementor-type=\"wp-page\" data-elementor-id=\"306529\" class=\"elementor elementor-306529\" data-elementor-post-type=\"page\">\n\t\t\t\t<div class=\"elementor-element elementor-element-1c819ed e-flex e-con-boxed e-con e-parent\" data-id=\"1c819ed\" data-element_type=\"container\" data-e-type=\"container\">\n\t\t\t\t\t<div class=\"e-con-inner\">\n\t\t\t\t<div class=\"elementor-element elementor-element-166dde9 elementor-widget elementor-widget-eael-breadcrumbs\" data-id=\"166dde9\" data-element_type=\"widget\" data-e-type=\"widget\" data-widget_type=\"eael-breadcrumbs.default\">\n\t\t\t\t<div class=\"elementor-widget-container\">\n\t\t\t\t\t\t\t<div class=\"eael-breadcrumbs\">\n\t\t\t<div class=\"eael-breadcrumbs__content\"><a href=\"https:\/\/sandbox.instacarro.com\/blog\">Blog<\/a> <span class=\"eael-breadcrumb-separator\">&gt;<\/span> <span class = \"eael-current\">P\u00e1gina<\/span><\/div>\t\t<\/div>\n\t\t\t\t\t\t<\/div>\n\t\t\t\t<\/div>\n\t\t\t\t<div class=\"elementor-element elementor-element-69ff546 elementor-widget elementor-widget-html\" data-id=\"69ff546\" data-element_type=\"widget\" data-e-type=\"widget\" data-widget_type=\"html.default\">\n\t\t\t\t<div class=\"elementor-widget-container\">\n\t\t\t\t\t<script>\njQuery(document).ready(function($) {\n    $('.eael-current').each(function() {\n        $(this).html($(this).html().replace(\/Arquivo por categoria\\s*\"?\/g, \"\").replace(\/\"$\/, \"\"));\n    });\n});\n<\/script>\n\t\t\t\t<\/div>\n\t\t\t\t<\/div>\n\t\t\t\t\t<\/div>\n\t\t\t\t<\/div>\n\t\t<div class=\"elementor-element elementor-element-a4bdab5 e-flex e-con-boxed e-con e-parent\" data-id=\"a4bdab5\" data-element_type=\"container\" data-e-type=\"container\" data-settings=\"{&quot;background_background&quot;:&quot;classic&quot;}\">\n\t\t\t\t\t<div class=\"e-con-inner\">\n\t\t\t\t<div class=\"elementor-element elementor-element-c047d16 elementor-widget elementor-widget-spacer\" data-id=\"c047d16\" data-element_type=\"widget\" data-e-type=\"widget\" data-widget_type=\"spacer.default\">\n\t\t\t\t<div class=\"elementor-widget-container\">\n\t\t\t\t\t\t\t<div class=\"elementor-spacer\">\n\t\t\t<div class=\"elementor-spacer-inner\"><\/div>\n\t\t<\/div>\n\t\t\t\t\t\t<\/div>\n\t\t\t\t<\/div>\n\t\t\t\t<div class=\"elementor-element elementor-element-bec66f8 elementor-widget elementor-widget-heading\" data-id=\"bec66f8\" data-element_type=\"widget\" data-e-type=\"widget\" data-widget_type=\"heading.default\">\n\t\t\t\t<div class=\"elementor-widget-container\">\n\t\t\t\t\t<h2 class=\"elementor-heading-title elementor-size-default\">Not\u00edcias<\/h2>\t\t\t\t<\/div>\n\t\t\t\t<\/div>\n\t\t\t\t\t<\/div>\n\t\t\t\t<\/div>\n\t\t<div class=\"elementor-element elementor-element-79919cb e-flex e-con-boxed e-con e-parent\" data-id=\"79919cb\" data-element_type=\"container\" data-e-type=\"container\">\n\t\t\t\t\t<div class=\"e-con-inner\">\n\t\t\t\t<div class=\"elementor-element elementor-element-833d6e3 elementor-widget elementor-widget-spacer\" data-id=\"833d6e3\" data-element_type=\"widget\" data-e-type=\"widget\" data-widget_type=\"spacer.default\">\n\t\t\t\t<div class=\"elementor-widget-container\">\n\t\t\t\t\t\t\t<div class=\"elementor-spacer\">\n\t\t\t<div class=\"elementor-spacer-inner\"><\/div>\n\t\t<\/div>\n\t\t\t\t\t\t<\/div>\n\t\t\t\t<\/div>\n\t\t\t\t\t<\/div>\n\t\t\t\t<\/div>\n\t\t<div class=\"elementor-element elementor-element-ce6c98b e-flex e-con-boxed e-con e-parent\" data-id=\"ce6c98b\" data-element_type=\"container\" data-e-type=\"container\">\n\t\t\t\t\t<div class=\"e-con-inner\">\n\t\t\t\t<div class=\"elementor-element elementor-element-16aa6ab elementor-grid-2 elementor-posts--thumbnail-left elementor-hidden-mobile elementor-grid-tablet-2 elementor-grid-mobile-1 load-more-align-center elementor-widget elementor-widget-posts\" data-id=\"16aa6ab\" data-element_type=\"widget\" data-e-type=\"widget\" data-settings=\"{&quot;classic_columns&quot;:&quot;2&quot;,&quot;pagination_type&quot;:&quot;load_more_on_click&quot;,&quot;classic_columns_tablet&quot;:&quot;2&quot;,&quot;classic_columns_mobile&quot;:&quot;1&quot;,&quot;classic_row_gap&quot;:{&quot;unit&quot;:&quot;px&quot;,&quot;size&quot;:35,&quot;sizes&quot;:[]},&quot;classic_row_gap_widescreen&quot;:{&quot;unit&quot;:&quot;px&quot;,&quot;size&quot;:&quot;&quot;,&quot;sizes&quot;:[]},&quot;classic_row_gap_laptop&quot;:{&quot;unit&quot;:&quot;px&quot;,&quot;size&quot;:&quot;&quot;,&quot;sizes&quot;:[]},&quot;classic_row_gap_tablet_extra&quot;:{&quot;unit&quot;:&quot;px&quot;,&quot;size&quot;:&quot;&quot;,&quot;sizes&quot;:[]},&quot;classic_row_gap_tablet&quot;:{&quot;unit&quot;:&quot;px&quot;,&quot;size&quot;:&quot;&quot;,&quot;sizes&quot;:[]},&quot;classic_row_gap_mobile_extra&quot;:{&quot;unit&quot;:&quot;px&quot;,&quot;size&quot;:&quot;&quot;,&quot;sizes&quot;:[]},&quot;classic_row_gap_mobile&quot;:{&quot;unit&quot;:&quot;px&quot;,&quot;size&quot;:&quot;&quot;,&quot;sizes&quot;:[]},&quot;load_more_spinner&quot;:{&quot;value&quot;:&quot;fas fa-spinner&quot;,&quot;library&quot;:&quot;fa-solid&quot;}}\" data-widget_type=\"posts.classic\">\n\t\t\t\t<div class=\"elementor-widget-container\">\n\t\t\t\t\t\t\t<div class=\"elementor-posts-container elementor-posts elementor-posts--skin-classic elementor-grid\" role=\"list\">\n\t\t\t\t<article class=\"elementor-post elementor-grid-item post-308174 post type-post status-publish format-standard has-post-thumbnail hentry category-noticias\" role=\"listitem\">\n\t\t\t\t<a class=\"elementor-post__thumbnail__link\" href=\"https:\/\/sandbox.instacarro.com\/blog\/noticias\/celta-2025\" tabindex=\"-1\" >\n\t\t\t<div class=\"elementor-post__thumbnail\"><img fetchpriority=\"high\" decoding=\"async\" width=\"768\" height=\"512\" src=\"https:\/\/sandbox.instacarro.com\/blog\/wp-content\/uploads\/2025\/04\/ChatGPT-Image-16-de-abr.-de-2025-11_39_18-768x512.webp\" class=\"attachment-medium_large size-medium_large wp-image-308176\" alt=\"Chevrolet Celta 2025 - proje\u00e7\u00e3o InstaCarro\" srcset=\"https:\/\/sandbox.instacarro.com\/blog\/wp-content\/uploads\/2025\/04\/ChatGPT-Image-16-de-abr.-de-2025-11_39_18-768x512.webp 768w, https:\/\/sandbox.instacarro.com\/blog\/wp-content\/uploads\/2025\/04\/ChatGPT-Image-16-de-abr.-de-2025-11_39_18-300x200.webp 300w, https:\/\/sandbox.instacarro.com\/blog\/wp-content\/uploads\/2025\/04\/ChatGPT-Image-16-de-abr.-de-2025-11_39_18-1024x682.webp 1024w, https:\/\/sandbox.instacarro.com\/blog\/wp-content\/uploads\/2025\/04\/ChatGPT-Image-16-de-abr.-de-2025-11_39_18-150x100.webp 150w, https:\/\/sandbox.instacarro.com\/blog\/wp-content\/uploads\/2025\/04\/ChatGPT-Image-16-de-abr.-de-2025-11_39_18.webp 1280w\" sizes=\"(max-width: 768px) 100vw, 768px\" \/><\/div>\n\t\t<\/a>\n\t\t\t\t<div class=\"elementor-post__text\">\n\t\t\t\t<h2 class=\"elementor-post__title\">\n\t\t\t<a href=\"https:\/\/sandbox.instacarro.com\/blog\/noticias\/celta-2025\" >\n\t\t\t\tChevrolet Celta 2025 existe? Entenda o rumor\t\t\t<\/a>\n\t\t<\/h2>\n\t\t\t\t<div class=\"elementor-post__meta-data\">\n\t\t\t\t\t<span class=\"elementor-post-author\">\n\t\t\tFernando Naccari\t\t<\/span>\n\t\t\t\t<span class=\"elementor-post-date\">\n\t\t\tjulho 31, 2026\t\t<\/span>\n\t\t\t\t<\/div>\n\t\t\t\t<div class=\"elementor-post__excerpt\">\n\t\t\t<p>Compacto, moderno e turbinado, o poss\u00edvel retorno do Chevrolet Celta\t\t<\/div>\n\t\t\t\t<\/div>\n\t\t\t\t<\/article>\n\t\t\t\t<article class=\"elementor-post elementor-grid-item post-314805 post type-post status-publish format-standard has-post-thumbnail hentry category-noticias\" role=\"listitem\">\n\t\t\t\t<a class=\"elementor-post__thumbnail__link\" href=\"https:\/\/sandbox.instacarro.com\/blog\/noticias\/omoda-jaecoo-cresce-52-e-chega-ao-14o-lugar-no-brasil\" tabindex=\"-1\" >\n\t\t\t<div class=\"elementor-post__thumbnail\"><img decoding=\"async\" width=\"768\" height=\"432\" src=\"https:\/\/sandbox.instacarro.com\/blog\/wp-content\/uploads\/2025\/10\/converted_image-768x432.avif\" class=\"attachment-medium_large size-medium_large wp-image-312901 not-transparent\" alt=\"Omoda 5 e Omoda 7\" srcset=\"https:\/\/sandbox.instacarro.com\/blog\/wp-content\/uploads\/2025\/10\/converted_image-768x432.avif 768w, https:\/\/sandbox.instacarro.com\/blog\/wp-content\/uploads\/2025\/10\/converted_image-300x169.avif 300w, https:\/\/sandbox.instacarro.com\/blog\/wp-content\/uploads\/2025\/10\/converted_image-1024x576.avif 1024w, https:\/\/sandbox.instacarro.com\/blog\/wp-content\/uploads\/2025\/10\/converted_image-150x84.avif 150w, https:\/\/sandbox.instacarro.com\/blog\/wp-content\/uploads\/2025\/10\/converted_image.avif 1200w\" sizes=\"(max-width: 768px) 100vw, 768px\" data-has-transparency=\"false\" data-dominant-color=\"737269\" style=\"--dominant-color: #737269\" \/><\/div>\n\t\t<\/a>\n\t\t\t\t<div class=\"elementor-post__text\">\n\t\t\t\t<h2 class=\"elementor-post__title\">\n\t\t\t<a href=\"https:\/\/sandbox.instacarro.com\/blog\/noticias\/omoda-jaecoo-cresce-52-e-chega-ao-14o-lugar-no-brasil\" >\n\t\t\t\tOMODA &amp; JAECOO cresce 52% e chega ao 14\u00ba lugar no Brasil\t\t\t<\/a>\n\t\t<\/h2>\n\t\t\t\t<div class=\"elementor-post__meta-data\">\n\t\t\t\t\t<span class=\"elementor-post-author\">\n\t\t\tFernando Naccari\t\t<\/span>\n\t\t\t\t<span class=\"elementor-post-date\">\n\t\t\tjulho 8, 2026\t\t<\/span>\n\t\t\t\t<\/div>\n\t\t\t\t<div class=\"elementor-post__excerpt\">\n\t\t\t<p>Marca emplacou 4.830 ve\u00edculos em junho, teve seu melhor m\u00eas\t\t<\/div>\n\t\t\t\t<\/div>\n\t\t\t\t<\/article>\n\t\t\t\t<article class=\"elementor-post elementor-grid-item post-314798 post type-post status-publish format-standard has-post-thumbnail hentry category-noticias\" role=\"listitem\">\n\t\t\t\t<a class=\"elementor-post__thumbnail__link\" href=\"https:\/\/sandbox.instacarro.com\/blog\/noticias\/gac-aion-ut-tera-revisoes-de-ate-60-mil-km-por-r-3-104\" tabindex=\"-1\" >\n\t\t\t<div class=\"elementor-post__thumbnail\"><img decoding=\"async\" width=\"768\" height=\"510\" src=\"https:\/\/sandbox.instacarro.com\/blog\/wp-content\/uploads\/2026\/06\/AION-UT-768x510.avif\" class=\"attachment-medium_large size-medium_large wp-image-314594 not-transparent\" alt=\"GAC Aion UT\" srcset=\"https:\/\/sandbox.instacarro.com\/blog\/wp-content\/uploads\/2026\/06\/AION-UT-768x510.avif 768w, https:\/\/sandbox.instacarro.com\/blog\/wp-content\/uploads\/2026\/06\/AION-UT-300x199.avif 300w, https:\/\/sandbox.instacarro.com\/blog\/wp-content\/uploads\/2026\/06\/AION-UT-1024x680.avif 1024w, https:\/\/sandbox.instacarro.com\/blog\/wp-content\/uploads\/2026\/06\/AION-UT-150x100.avif 150w, https:\/\/sandbox.instacarro.com\/blog\/wp-content\/uploads\/2026\/06\/AION-UT.avif 1200w\" sizes=\"(max-width: 768px) 100vw, 768px\" data-has-transparency=\"false\" data-dominant-color=\"9db0ae\" style=\"--dominant-color: #9db0ae\" \/><\/div>\n\t\t<\/a>\n\t\t\t\t<div class=\"elementor-post__text\">\n\t\t\t\t<h2 class=\"elementor-post__title\">\n\t\t\t<a href=\"https:\/\/sandbox.instacarro.com\/blog\/noticias\/gac-aion-ut-tera-revisoes-de-ate-60-mil-km-por-r-3-104\" >\n\t\t\t\tGAC Aion UT ter\u00e1 revis\u00f5es de at\u00e9 60 mil km por R$ 3.104\t\t\t<\/a>\n\t\t<\/h2>\n\t\t\t\t<div class=\"elementor-post__meta-data\">\n\t\t\t\t\t<span class=\"elementor-post-author\">\n\t\t\tFernando Naccari\t\t<\/span>\n\t\t\t\t<span class=\"elementor-post-date\">\n\t\t\tjulho 8, 2026\t\t<\/span>\n\t\t\t\t<\/div>\n\t\t\t\t<div class=\"elementor-post__excerpt\">\n\t\t\t<p>Hatch el\u00e9trico tem primeira revis\u00e3o gr\u00e1tis, pre\u00e7os fixos de manuten\u00e7\u00e3o,\t\t<\/div>\n\t\t\t\t<\/div>\n\t\t\t\t<\/article>\n\t\t\t\t<article class=\"elementor-post elementor-grid-item post-314790 post type-post status-publish format-standard has-post-thumbnail hentry category-noticias\" role=\"listitem\">\n\t\t\t\t<a class=\"elementor-post__thumbnail__link\" href=\"https:\/\/sandbox.instacarro.com\/blog\/noticias\/nissan-oferece-kait-e-kicks-com-condicoes-para-pcd\" tabindex=\"-1\" >\n\t\t\t<div class=\"elementor-post__thumbnail\"><img loading=\"lazy\" decoding=\"async\" width=\"768\" height=\"550\" src=\"https:\/\/sandbox.instacarro.com\/blog\/wp-content\/uploads\/2026\/07\/067_nissan_mulheres_18jun2026-768x550.avif\" class=\"attachment-medium_large size-medium_large wp-image-314791 not-transparent\" alt=\"Com Kait e Kicks, Nissan oferece diferentes op\u00e7\u00f5es para clientes PCD\" srcset=\"https:\/\/sandbox.instacarro.com\/blog\/wp-content\/uploads\/2026\/07\/067_nissan_mulheres_18jun2026-768x550.avif 768w, https:\/\/sandbox.instacarro.com\/blog\/wp-content\/uploads\/2026\/07\/067_nissan_mulheres_18jun2026-300x215.avif 300w, https:\/\/sandbox.instacarro.com\/blog\/wp-content\/uploads\/2026\/07\/067_nissan_mulheres_18jun2026-1024x733.avif 1024w, https:\/\/sandbox.instacarro.com\/blog\/wp-content\/uploads\/2026\/07\/067_nissan_mulheres_18jun2026-150x107.avif 150w, https:\/\/sandbox.instacarro.com\/blog\/wp-content\/uploads\/2026\/07\/067_nissan_mulheres_18jun2026.avif 1200w\" sizes=\"(max-width: 768px) 100vw, 768px\" data-has-transparency=\"false\" data-dominant-color=\"7f8882\" style=\"--dominant-color: #7f8882\" \/><\/div>\n\t\t<\/a>\n\t\t\t\t<div class=\"elementor-post__text\">\n\t\t\t\t<h2 class=\"elementor-post__title\">\n\t\t\t<a href=\"https:\/\/sandbox.instacarro.com\/blog\/noticias\/nissan-oferece-kait-e-kicks-com-condicoes-para-pcd\" >\n\t\t\t\tNissan oferece Kait e Kicks com condi\u00e7\u00f5es para PCD\t\t\t<\/a>\n\t\t<\/h2>\n\t\t\t\t<div class=\"elementor-post__meta-data\">\n\t\t\t\t\t<span class=\"elementor-post-author\">\n\t\t\tFernando Naccari\t\t<\/span>\n\t\t\t\t<span class=\"elementor-post-date\">\n\t\t\tjulho 8, 2026\t\t<\/span>\n\t\t\t\t<\/div>\n\t\t\t\t<div class=\"elementor-post__excerpt\">\n\t\t\t<p>SUVs t\u00eam porta-malas de at\u00e9 470 litros, bancos Zero Gravity\t\t<\/div>\n\t\t\t\t<\/div>\n\t\t\t\t<\/article>\n\t\t\t\t<article class=\"elementor-post elementor-grid-item post-314772 post type-post status-publish format-standard has-post-thumbnail hentry category-noticias\" role=\"listitem\">\n\t\t\t\t<a class=\"elementor-post__thumbnail__link\" href=\"https:\/\/sandbox.instacarro.com\/blog\/noticias\/eletrificados-ja-sao-16-das-vendas-de-veiculos-leves-no-brasil\" tabindex=\"-1\" >\n\t\t\t<div class=\"elementor-post__thumbnail\"><img loading=\"lazy\" decoding=\"async\" width=\"768\" height=\"512\" src=\"https:\/\/sandbox.instacarro.com\/blog\/wp-content\/uploads\/2021\/09\/carregador-de-carro-eletrico-768x512.jpg\" class=\"attachment-medium_large size-medium_large wp-image-273196\" alt=\"Aluguel de carregador para carros el\u00e9tricos\" srcset=\"https:\/\/sandbox.instacarro.com\/blog\/wp-content\/uploads\/2021\/09\/carregador-de-carro-eletrico-768x512.jpg 768w, https:\/\/sandbox.instacarro.com\/blog\/wp-content\/uploads\/2021\/09\/carregador-de-carro-eletrico-300x200.jpg 300w, https:\/\/sandbox.instacarro.com\/blog\/wp-content\/uploads\/2021\/09\/carregador-de-carro-eletrico-1024x682.jpg 1024w, https:\/\/sandbox.instacarro.com\/blog\/wp-content\/uploads\/2021\/09\/carregador-de-carro-eletrico.jpg 1280w\" sizes=\"(max-width: 768px) 100vw, 768px\" \/><\/div>\n\t\t<\/a>\n\t\t\t\t<div class=\"elementor-post__text\">\n\t\t\t\t<h2 class=\"elementor-post__title\">\n\t\t\t<a href=\"https:\/\/sandbox.instacarro.com\/blog\/noticias\/eletrificados-ja-sao-16-das-vendas-de-veiculos-leves-no-brasil\" >\n\t\t\t\tEletrificados j\u00e1 s\u00e3o 16% das vendas de ve\u00edculos leves no Brasil\t\t\t<\/a>\n\t\t<\/h2>\n\t\t\t\t<div class=\"elementor-post__meta-data\">\n\t\t\t\t\t<span class=\"elementor-post-author\">\n\t\t\tFernando Naccari\t\t<\/span>\n\t\t\t\t<span class=\"elementor-post-date\">\n\t\t\tjulho 6, 2026\t\t<\/span>\n\t\t\t\t<\/div>\n\t\t\t\t<div class=\"elementor-post__excerpt\">\n\t\t\t<p>Segmento somou 215 mil unidades no primeiro semestre e bateu\t\t<\/div>\n\t\t\t\t<\/div>\n\t\t\t\t<\/article>\n\t\t\t\t<article class=\"elementor-post elementor-grid-item post-314748 post type-post status-publish format-standard has-post-thumbnail hentry category-noticias\" role=\"listitem\">\n\t\t\t\t<a class=\"elementor-post__thumbnail__link\" href=\"https:\/\/sandbox.instacarro.com\/blog\/noticias\/byd-vira-quarta-forca-do-mercado-brasileiro-no-semestre\" tabindex=\"-1\" >\n\t\t\t<div class=\"elementor-post__thumbnail\"><img loading=\"lazy\" decoding=\"async\" width=\"768\" height=\"512\" src=\"https:\/\/sandbox.instacarro.com\/blog\/wp-content\/uploads\/2025\/07\/BYD-Dolphin-Mini-17-scaled-1-768x512.avif\" class=\"attachment-medium_large size-medium_large wp-image-310495 not-transparent\" alt=\"BYD Dolphin Mini - BYD lidera vendas no Brasil - km por litro\" srcset=\"https:\/\/sandbox.instacarro.com\/blog\/wp-content\/uploads\/2025\/07\/BYD-Dolphin-Mini-17-scaled-1-768x512.avif 768w, https:\/\/sandbox.instacarro.com\/blog\/wp-content\/uploads\/2025\/07\/BYD-Dolphin-Mini-17-scaled-1-300x200.avif 300w, https:\/\/sandbox.instacarro.com\/blog\/wp-content\/uploads\/2025\/07\/BYD-Dolphin-Mini-17-scaled-1-1024x683.avif 1024w, https:\/\/sandbox.instacarro.com\/blog\/wp-content\/uploads\/2025\/07\/BYD-Dolphin-Mini-17-scaled-1-1536x1024.avif 1536w, https:\/\/sandbox.instacarro.com\/blog\/wp-content\/uploads\/2025\/07\/BYD-Dolphin-Mini-17-scaled-1-2048x1366.avif 2048w, https:\/\/sandbox.instacarro.com\/blog\/wp-content\/uploads\/2025\/07\/BYD-Dolphin-Mini-17-scaled-1-150x100.avif 150w, https:\/\/sandbox.instacarro.com\/blog\/wp-content\/uploads\/2025\/07\/BYD-Dolphin-Mini-17-scaled-1-e1752524814998.avif 1280w\" sizes=\"(max-width: 768px) 100vw, 768px\" data-has-transparency=\"false\" data-dominant-color=\"7c7a79\" style=\"--dominant-color: #7c7a79\" \/><\/div>\n\t\t<\/a>\n\t\t\t\t<div class=\"elementor-post__text\">\n\t\t\t\t<h2 class=\"elementor-post__title\">\n\t\t\t<a href=\"https:\/\/sandbox.instacarro.com\/blog\/noticias\/byd-vira-quarta-forca-do-mercado-brasileiro-no-semestre\" >\n\t\t\t\tBYD vira quarta for\u00e7a do mercado brasileiro no semestre\t\t\t<\/a>\n\t\t<\/h2>\n\t\t\t\t<div class=\"elementor-post__meta-data\">\n\t\t\t\t\t<span class=\"elementor-post-author\">\n\t\t\tFernando Naccari\t\t<\/span>\n\t\t\t\t<span class=\"elementor-post-date\">\n\t\t\tjulho 2, 2026\t\t<\/span>\n\t\t\t\t<\/div>\n\t\t\t\t<div class=\"elementor-post__excerpt\">\n\t\t\t<p>Com quase 100 mil emplacamentos no semestre, fabricante chinesa transforma\t\t<\/div>\n\t\t\t\t<\/div>\n\t\t\t\t<\/article>\n\t\t\t\t<article class=\"elementor-post elementor-grid-item post-314729 post type-post status-publish format-standard has-post-thumbnail hentry category-noticias\" role=\"listitem\">\n\t\t\t\t<a class=\"elementor-post__thumbnail__link\" href=\"https:\/\/sandbox.instacarro.com\/blog\/noticias\/byd-chega-a-300-mil-carros-vendidos-no-brasil\" tabindex=\"-1\" >\n\t\t\t<div class=\"elementor-post__thumbnail\"><img loading=\"lazy\" decoding=\"async\" width=\"768\" height=\"512\" src=\"https:\/\/sandbox.instacarro.com\/blog\/wp-content\/uploads\/2024\/11\/IMG_0012-768x512.jpg\" class=\"attachment-medium_large size-medium_large wp-image-303744\" alt=\"BYD Dolphin Mini Branco\" srcset=\"https:\/\/sandbox.instacarro.com\/blog\/wp-content\/uploads\/2024\/11\/IMG_0012-768x512.jpg 768w, https:\/\/sandbox.instacarro.com\/blog\/wp-content\/uploads\/2024\/11\/IMG_0012-300x200.jpg 300w, https:\/\/sandbox.instacarro.com\/blog\/wp-content\/uploads\/2024\/11\/IMG_0012-1024x682.jpg 1024w, https:\/\/sandbox.instacarro.com\/blog\/wp-content\/uploads\/2024\/11\/IMG_0012.jpg 1280w\" sizes=\"(max-width: 768px) 100vw, 768px\" \/><\/div>\n\t\t<\/a>\n\t\t\t\t<div class=\"elementor-post__text\">\n\t\t\t\t<h2 class=\"elementor-post__title\">\n\t\t\t<a href=\"https:\/\/sandbox.instacarro.com\/blog\/noticias\/byd-chega-a-300-mil-carros-vendidos-no-brasil\" >\n\t\t\t\tBYD chega a 300 mil carros vendidos no Brasil\t\t\t<\/a>\n\t\t<\/h2>\n\t\t\t\t<div class=\"elementor-post__meta-data\">\n\t\t\t\t\t<span class=\"elementor-post-author\">\n\t\t\tFernando Naccari\t\t<\/span>\n\t\t\t\t<span class=\"elementor-post-date\">\n\t\t\tjunho 22, 2026\t\t<\/span>\n\t\t\t\t<\/div>\n\t\t\t\t<div class=\"elementor-post__excerpt\">\n\t\t\t<p>Marca chinesa levou apenas seis meses para saltar de 200\t\t<\/div>\n\t\t\t\t<\/div>\n\t\t\t\t<\/article>\n\t\t\t\t<article class=\"elementor-post elementor-grid-item post-314717 post type-post status-publish format-standard has-post-thumbnail hentry category-noticias\" role=\"listitem\">\n\t\t\t\t<a class=\"elementor-post__thumbnail__link\" href=\"https:\/\/sandbox.instacarro.com\/blog\/noticias\/uber-atualiza-lista-de-carros-do-black-e-comfort-para-2027\" tabindex=\"-1\" >\n\t\t\t<div class=\"elementor-post__thumbnail\"><img loading=\"lazy\" decoding=\"async\" width=\"768\" height=\"512\" src=\"https:\/\/sandbox.instacarro.com\/blog\/wp-content\/uploads\/2026\/06\/AdobeStock_451200655-1-768x512.avif\" class=\"attachment-medium_large size-medium_large wp-image-314718 not-transparent\" alt=\"Uber retira modelos do Comfort e Black a partir de 2027\" srcset=\"https:\/\/sandbox.instacarro.com\/blog\/wp-content\/uploads\/2026\/06\/AdobeStock_451200655-1-768x512.avif 768w, https:\/\/sandbox.instacarro.com\/blog\/wp-content\/uploads\/2026\/06\/AdobeStock_451200655-1-300x200.avif 300w, https:\/\/sandbox.instacarro.com\/blog\/wp-content\/uploads\/2026\/06\/AdobeStock_451200655-1-1024x683.avif 1024w, https:\/\/sandbox.instacarro.com\/blog\/wp-content\/uploads\/2026\/06\/AdobeStock_451200655-1-150x100.avif 150w, https:\/\/sandbox.instacarro.com\/blog\/wp-content\/uploads\/2026\/06\/AdobeStock_451200655-1.avif 1200w\" sizes=\"(max-width: 768px) 100vw, 768px\" data-has-transparency=\"false\" data-dominant-color=\"7b7978\" style=\"--dominant-color: #7b7978\" \/><\/div>\n\t\t<\/a>\n\t\t\t\t<div class=\"elementor-post__text\">\n\t\t\t\t<h2 class=\"elementor-post__title\">\n\t\t\t<a href=\"https:\/\/sandbox.instacarro.com\/blog\/noticias\/uber-atualiza-lista-de-carros-do-black-e-comfort-para-2027\" >\n\t\t\t\tUber atualiza lista de carros do Black e Comfort para 2027\t\t\t<\/a>\n\t\t<\/h2>\n\t\t\t\t<div class=\"elementor-post__meta-data\">\n\t\t\t\t\t<span class=\"elementor-post-author\">\n\t\t\tFernando Naccari\t\t<\/span>\n\t\t\t\t<span class=\"elementor-post-date\">\n\t\t\tjunho 22, 2026\t\t<\/span>\n\t\t\t\t<\/div>\n\t\t\t\t<div class=\"elementor-post__excerpt\">\n\t\t\t<p>Mudan\u00e7a afeta carros populares usados por motoristas de aplicativo e\t\t<\/div>\n\t\t\t\t<\/div>\n\t\t\t\t<\/article>\n\t\t\t\t<\/div>\n\t\t\t\t\t<span class=\"e-load-more-spinner\">\n\t\t\t\t<svg aria-hidden=\"true\" class=\"e-font-icon-svg e-fas-spinner\" viewBox=\"0 0 512 512\" xmlns=\"http:\/\/www.w3.org\/2000\/svg\"><path d=\"M304 48c0 26.51-21.49 48-48 48s-48-21.49-48-48 21.49-48 48-48 48 21.49 48 48zm-48 368c-26.51 0-48 21.49-48 48s21.49 48 48 48 48-21.49 48-48-21.49-48-48-48zm208-208c-26.51 0-48 21.49-48 48s21.49 48 48 48 48-21.49 48-48-21.49-48-48-48zM96 256c0-26.51-21.49-48-48-48S0 229.49 0 256s21.49 48 48 48 48-21.49 48-48zm12.922 99.078c-26.51 0-48 21.49-48 48s21.49 48 48 48 48-21.49 48-48c0-26.509-21.491-48-48-48zm294.156 0c-26.51 0-48 21.49-48 48s21.49 48 48 48 48-21.49 48-48c0-26.509-21.49-48-48-48zM108.922 60.922c-26.51 0-48 21.49-48 48s21.49 48 48 48 48-21.49 48-48-21.491-48-48-48z\"><\/path><\/svg>\t\t\t<\/span>\n\t\t\n\t\t\t\t<div class=\"e-load-more-anchor\" data-page=\"1\" data-max-page=\"69\" data-next-page=\"https:\/\/sandbox.instacarro.com\/blog\/wp-json\/wp\/v2\/pages\/306529\/page\/2\"><\/div>\n\t\t\t\t<div class=\"elementor-button-wrapper\">\n\t\t\t<a class=\"elementor-button elementor-size-sm\" role=\"button\">\n\t\t\t\t\t\t<span class=\"elementor-button-content-wrapper\">\n\t\t\t\t\t\t\t\t\t<span class=\"elementor-button-text\">Veja Mais <\/span>\n\t\t\t\t\t<\/span>\n\t\t\t\t\t<\/a>\n\t\t<\/div>\n\t\t\t\t<div class=\"e-load-more-message\"><\/div>\n\t\t\t\t\t\t<\/div>\n\t\t\t\t<\/div>\n\t\t\t\t<div class=\"elementor-element elementor-element-f2418ea elementor-grid-2 elementor-hidden-widescreen elementor-hidden-desktop elementor-hidden-laptop elementor-hidden-tablet_extra elementor-hidden-tablet elementor-hidden-mobile_extra elementor-grid-tablet-2 elementor-grid-mobile-1 elementor-posts--thumbnail-top load-more-align-center elementor-widget elementor-widget-posts\" data-id=\"f2418ea\" data-element_type=\"widget\" data-e-type=\"widget\" data-settings=\"{&quot;classic_columns&quot;:&quot;2&quot;,&quot;pagination_type&quot;:&quot;load_more_on_click&quot;,&quot;classic_columns_tablet&quot;:&quot;2&quot;,&quot;classic_columns_mobile&quot;:&quot;1&quot;,&quot;classic_row_gap&quot;:{&quot;unit&quot;:&quot;px&quot;,&quot;size&quot;:35,&quot;sizes&quot;:[]},&quot;classic_row_gap_widescreen&quot;:{&quot;unit&quot;:&quot;px&quot;,&quot;size&quot;:&quot;&quot;,&quot;sizes&quot;:[]},&quot;classic_row_gap_laptop&quot;:{&quot;unit&quot;:&quot;px&quot;,&quot;size&quot;:&quot;&quot;,&quot;sizes&quot;:[]},&quot;classic_row_gap_tablet_extra&quot;:{&quot;unit&quot;:&quot;px&quot;,&quot;size&quot;:&quot;&quot;,&quot;sizes&quot;:[]},&quot;classic_row_gap_tablet&quot;:{&quot;unit&quot;:&quot;px&quot;,&quot;size&quot;:&quot;&quot;,&quot;sizes&quot;:[]},&quot;classic_row_gap_mobile_extra&quot;:{&quot;unit&quot;:&quot;px&quot;,&quot;size&quot;:&quot;&quot;,&quot;sizes&quot;:[]},&quot;classic_row_gap_mobile&quot;:{&quot;unit&quot;:&quot;px&quot;,&quot;size&quot;:&quot;&quot;,&quot;sizes&quot;:[]},&quot;load_more_spinner&quot;:{&quot;value&quot;:&quot;fas fa-spinner&quot;,&quot;library&quot;:&quot;fa-solid&quot;}}\" data-widget_type=\"posts.classic\">\n\t\t\t\t<div class=\"elementor-widget-container\">\n\t\t\t\t\t\t\t<div class=\"elementor-posts-container elementor-posts elementor-posts--skin-classic elementor-grid\" role=\"list\">\n\t\t\t\t<article class=\"elementor-post elementor-grid-item post-308174 post type-post status-publish format-standard has-post-thumbnail hentry category-noticias\" role=\"listitem\">\n\t\t\t\t<a class=\"elementor-post__thumbnail__link\" href=\"https:\/\/sandbox.instacarro.com\/blog\/noticias\/celta-2025\" tabindex=\"-1\" >\n\t\t\t<div class=\"elementor-post__thumbnail\"><img fetchpriority=\"high\" decoding=\"async\" width=\"768\" height=\"512\" src=\"https:\/\/sandbox.instacarro.com\/blog\/wp-content\/uploads\/2025\/04\/ChatGPT-Image-16-de-abr.-de-2025-11_39_18-768x512.webp\" class=\"attachment-medium_large size-medium_large wp-image-308176\" alt=\"Chevrolet Celta 2025 - proje\u00e7\u00e3o InstaCarro\" srcset=\"https:\/\/sandbox.instacarro.com\/blog\/wp-content\/uploads\/2025\/04\/ChatGPT-Image-16-de-abr.-de-2025-11_39_18-768x512.webp 768w, https:\/\/sandbox.instacarro.com\/blog\/wp-content\/uploads\/2025\/04\/ChatGPT-Image-16-de-abr.-de-2025-11_39_18-300x200.webp 300w, https:\/\/sandbox.instacarro.com\/blog\/wp-content\/uploads\/2025\/04\/ChatGPT-Image-16-de-abr.-de-2025-11_39_18-1024x682.webp 1024w, https:\/\/sandbox.instacarro.com\/blog\/wp-content\/uploads\/2025\/04\/ChatGPT-Image-16-de-abr.-de-2025-11_39_18-150x100.webp 150w, https:\/\/sandbox.instacarro.com\/blog\/wp-content\/uploads\/2025\/04\/ChatGPT-Image-16-de-abr.-de-2025-11_39_18.webp 1280w\" sizes=\"(max-width: 768px) 100vw, 768px\" \/><\/div>\n\t\t<\/a>\n\t\t\t\t<div class=\"elementor-post__text\">\n\t\t\t\t<h2 class=\"elementor-post__title\">\n\t\t\t<a href=\"https:\/\/sandbox.instacarro.com\/blog\/noticias\/celta-2025\" >\n\t\t\t\tChevrolet Celta 2025 existe? Entenda o rumor\t\t\t<\/a>\n\t\t<\/h2>\n\t\t\t\t<div class=\"elementor-post__meta-data\">\n\t\t\t\t\t<span class=\"elementor-post-author\">\n\t\t\tFernando Naccari\t\t<\/span>\n\t\t\t\t<span class=\"elementor-post-date\">\n\t\t\tjulho 31, 2026\t\t<\/span>\n\t\t\t\t<\/div>\n\t\t\t\t<div class=\"elementor-post__excerpt\">\n\t\t\t<p>Compacto, moderno e turbinado, o poss\u00edvel retorno do Chevrolet Celta\t\t<\/div>\n\t\t\t\t<\/div>\n\t\t\t\t<\/article>\n\t\t\t\t<article class=\"elementor-post elementor-grid-item post-314805 post type-post status-publish format-standard has-post-thumbnail hentry category-noticias\" role=\"listitem\">\n\t\t\t\t<a class=\"elementor-post__thumbnail__link\" href=\"https:\/\/sandbox.instacarro.com\/blog\/noticias\/omoda-jaecoo-cresce-52-e-chega-ao-14o-lugar-no-brasil\" tabindex=\"-1\" >\n\t\t\t<div class=\"elementor-post__thumbnail\"><img decoding=\"async\" width=\"768\" height=\"432\" src=\"https:\/\/sandbox.instacarro.com\/blog\/wp-content\/uploads\/2025\/10\/converted_image-768x432.avif\" class=\"attachment-medium_large size-medium_large wp-image-312901 not-transparent\" alt=\"Omoda 5 e Omoda 7\" srcset=\"https:\/\/sandbox.instacarro.com\/blog\/wp-content\/uploads\/2025\/10\/converted_image-768x432.avif 768w, https:\/\/sandbox.instacarro.com\/blog\/wp-content\/uploads\/2025\/10\/converted_image-300x169.avif 300w, https:\/\/sandbox.instacarro.com\/blog\/wp-content\/uploads\/2025\/10\/converted_image-1024x576.avif 1024w, https:\/\/sandbox.instacarro.com\/blog\/wp-content\/uploads\/2025\/10\/converted_image-150x84.avif 150w, https:\/\/sandbox.instacarro.com\/blog\/wp-content\/uploads\/2025\/10\/converted_image.avif 1200w\" sizes=\"(max-width: 768px) 100vw, 768px\" data-has-transparency=\"false\" data-dominant-color=\"737269\" style=\"--dominant-color: #737269\" \/><\/div>\n\t\t<\/a>\n\t\t\t\t<div class=\"elementor-post__text\">\n\t\t\t\t<h2 class=\"elementor-post__title\">\n\t\t\t<a href=\"https:\/\/sandbox.instacarro.com\/blog\/noticias\/omoda-jaecoo-cresce-52-e-chega-ao-14o-lugar-no-brasil\" >\n\t\t\t\tOMODA &amp; JAECOO cresce 52% e chega ao 14\u00ba lugar no Brasil\t\t\t<\/a>\n\t\t<\/h2>\n\t\t\t\t<div class=\"elementor-post__meta-data\">\n\t\t\t\t\t<span class=\"elementor-post-author\">\n\t\t\tFernando Naccari\t\t<\/span>\n\t\t\t\t<span class=\"elementor-post-date\">\n\t\t\tjulho 8, 2026\t\t<\/span>\n\t\t\t\t<\/div>\n\t\t\t\t<div class=\"elementor-post__excerpt\">\n\t\t\t<p>Marca emplacou 4.830 ve\u00edculos em junho, teve seu melhor m\u00eas\t\t<\/div>\n\t\t\t\t<\/div>\n\t\t\t\t<\/article>\n\t\t\t\t<article class=\"elementor-post elementor-grid-item post-314798 post type-post status-publish format-standard has-post-thumbnail hentry category-noticias\" role=\"listitem\">\n\t\t\t\t<a class=\"elementor-post__thumbnail__link\" href=\"https:\/\/sandbox.instacarro.com\/blog\/noticias\/gac-aion-ut-tera-revisoes-de-ate-60-mil-km-por-r-3-104\" tabindex=\"-1\" >\n\t\t\t<div class=\"elementor-post__thumbnail\"><img decoding=\"async\" width=\"768\" height=\"510\" src=\"https:\/\/sandbox.instacarro.com\/blog\/wp-content\/uploads\/2026\/06\/AION-UT-768x510.avif\" class=\"attachment-medium_large size-medium_large wp-image-314594 not-transparent\" alt=\"GAC Aion UT\" srcset=\"https:\/\/sandbox.instacarro.com\/blog\/wp-content\/uploads\/2026\/06\/AION-UT-768x510.avif 768w, https:\/\/sandbox.instacarro.com\/blog\/wp-content\/uploads\/2026\/06\/AION-UT-300x199.avif 300w, https:\/\/sandbox.instacarro.com\/blog\/wp-content\/uploads\/2026\/06\/AION-UT-1024x680.avif 1024w, https:\/\/sandbox.instacarro.com\/blog\/wp-content\/uploads\/2026\/06\/AION-UT-150x100.avif 150w, https:\/\/sandbox.instacarro.com\/blog\/wp-content\/uploads\/2026\/06\/AION-UT.avif 1200w\" sizes=\"(max-width: 768px) 100vw, 768px\" data-has-transparency=\"false\" data-dominant-color=\"9db0ae\" style=\"--dominant-color: #9db0ae\" \/><\/div>\n\t\t<\/a>\n\t\t\t\t<div class=\"elementor-post__text\">\n\t\t\t\t<h2 class=\"elementor-post__title\">\n\t\t\t<a href=\"https:\/\/sandbox.instacarro.com\/blog\/noticias\/gac-aion-ut-tera-revisoes-de-ate-60-mil-km-por-r-3-104\" >\n\t\t\t\tGAC Aion UT ter\u00e1 revis\u00f5es de at\u00e9 60 mil km por R$ 3.104\t\t\t<\/a>\n\t\t<\/h2>\n\t\t\t\t<div class=\"elementor-post__meta-data\">\n\t\t\t\t\t<span class=\"elementor-post-author\">\n\t\t\tFernando Naccari\t\t<\/span>\n\t\t\t\t<span class=\"elementor-post-date\">\n\t\t\tjulho 8, 2026\t\t<\/span>\n\t\t\t\t<\/div>\n\t\t\t\t<div class=\"elementor-post__excerpt\">\n\t\t\t<p>Hatch el\u00e9trico tem primeira revis\u00e3o gr\u00e1tis, pre\u00e7os fixos de manuten\u00e7\u00e3o,\t\t<\/div>\n\t\t\t\t<\/div>\n\t\t\t\t<\/article>\n\t\t\t\t<article class=\"elementor-post elementor-grid-item post-314790 post type-post status-publish format-standard has-post-thumbnail hentry category-noticias\" role=\"listitem\">\n\t\t\t\t<a class=\"elementor-post__thumbnail__link\" href=\"https:\/\/sandbox.instacarro.com\/blog\/noticias\/nissan-oferece-kait-e-kicks-com-condicoes-para-pcd\" tabindex=\"-1\" >\n\t\t\t<div class=\"elementor-post__thumbnail\"><img loading=\"lazy\" decoding=\"async\" width=\"768\" height=\"550\" src=\"https:\/\/sandbox.instacarro.com\/blog\/wp-content\/uploads\/2026\/07\/067_nissan_mulheres_18jun2026-768x550.avif\" class=\"attachment-medium_large size-medium_large wp-image-314791 not-transparent\" alt=\"Com Kait e Kicks, Nissan oferece diferentes op\u00e7\u00f5es para clientes PCD\" srcset=\"https:\/\/sandbox.instacarro.com\/blog\/wp-content\/uploads\/2026\/07\/067_nissan_mulheres_18jun2026-768x550.avif 768w, https:\/\/sandbox.instacarro.com\/blog\/wp-content\/uploads\/2026\/07\/067_nissan_mulheres_18jun2026-300x215.avif 300w, https:\/\/sandbox.instacarro.com\/blog\/wp-content\/uploads\/2026\/07\/067_nissan_mulheres_18jun2026-1024x733.avif 1024w, https:\/\/sandbox.instacarro.com\/blog\/wp-content\/uploads\/2026\/07\/067_nissan_mulheres_18jun2026-150x107.avif 150w, https:\/\/sandbox.instacarro.com\/blog\/wp-content\/uploads\/2026\/07\/067_nissan_mulheres_18jun2026.avif 1200w\" sizes=\"(max-width: 768px) 100vw, 768px\" data-has-transparency=\"false\" data-dominant-color=\"7f8882\" style=\"--dominant-color: #7f8882\" \/><\/div>\n\t\t<\/a>\n\t\t\t\t<div class=\"elementor-post__text\">\n\t\t\t\t<h2 class=\"elementor-post__title\">\n\t\t\t<a href=\"https:\/\/sandbox.instacarro.com\/blog\/noticias\/nissan-oferece-kait-e-kicks-com-condicoes-para-pcd\" >\n\t\t\t\tNissan oferece Kait e Kicks com condi\u00e7\u00f5es para PCD\t\t\t<\/a>\n\t\t<\/h2>\n\t\t\t\t<div class=\"elementor-post__meta-data\">\n\t\t\t\t\t<span class=\"elementor-post-author\">\n\t\t\tFernando Naccari\t\t<\/span>\n\t\t\t\t<span class=\"elementor-post-date\">\n\t\t\tjulho 8, 2026\t\t<\/span>\n\t\t\t\t<\/div>\n\t\t\t\t<div class=\"elementor-post__excerpt\">\n\t\t\t<p>SUVs t\u00eam porta-malas de at\u00e9 470 litros, bancos Zero Gravity\t\t<\/div>\n\t\t\t\t<\/div>\n\t\t\t\t<\/article>\n\t\t\t\t<article class=\"elementor-post elementor-grid-item post-314772 post type-post status-publish format-standard has-post-thumbnail hentry category-noticias\" role=\"listitem\">\n\t\t\t\t<a class=\"elementor-post__thumbnail__link\" href=\"https:\/\/sandbox.instacarro.com\/blog\/noticias\/eletrificados-ja-sao-16-das-vendas-de-veiculos-leves-no-brasil\" tabindex=\"-1\" >\n\t\t\t<div class=\"elementor-post__thumbnail\"><img loading=\"lazy\" decoding=\"async\" width=\"768\" height=\"512\" src=\"https:\/\/sandbox.instacarro.com\/blog\/wp-content\/uploads\/2021\/09\/carregador-de-carro-eletrico-768x512.jpg\" class=\"attachment-medium_large size-medium_large wp-image-273196\" alt=\"Aluguel de carregador para carros el\u00e9tricos\" srcset=\"https:\/\/sandbox.instacarro.com\/blog\/wp-content\/uploads\/2021\/09\/carregador-de-carro-eletrico-768x512.jpg 768w, https:\/\/sandbox.instacarro.com\/blog\/wp-content\/uploads\/2021\/09\/carregador-de-carro-eletrico-300x200.jpg 300w, https:\/\/sandbox.instacarro.com\/blog\/wp-content\/uploads\/2021\/09\/carregador-de-carro-eletrico-1024x682.jpg 1024w, https:\/\/sandbox.instacarro.com\/blog\/wp-content\/uploads\/2021\/09\/carregador-de-carro-eletrico.jpg 1280w\" sizes=\"(max-width: 768px) 100vw, 768px\" \/><\/div>\n\t\t<\/a>\n\t\t\t\t<div class=\"elementor-post__text\">\n\t\t\t\t<h2 class=\"elementor-post__title\">\n\t\t\t<a href=\"https:\/\/sandbox.instacarro.com\/blog\/noticias\/eletrificados-ja-sao-16-das-vendas-de-veiculos-leves-no-brasil\" >\n\t\t\t\tEletrificados j\u00e1 s\u00e3o 16% das vendas de ve\u00edculos leves no Brasil\t\t\t<\/a>\n\t\t<\/h2>\n\t\t\t\t<div class=\"elementor-post__meta-data\">\n\t\t\t\t\t<span class=\"elementor-post-author\">\n\t\t\tFernando Naccari\t\t<\/span>\n\t\t\t\t<span class=\"elementor-post-date\">\n\t\t\tjulho 6, 2026\t\t<\/span>\n\t\t\t\t<\/div>\n\t\t\t\t<div class=\"elementor-post__excerpt\">\n\t\t\t<p>Segmento somou 215 mil unidades no primeiro semestre e bateu\t\t<\/div>\n\t\t\t\t<\/div>\n\t\t\t\t<\/article>\n\t\t\t\t<article class=\"elementor-post elementor-grid-item post-314748 post type-post status-publish format-standard has-post-thumbnail hentry category-noticias\" role=\"listitem\">\n\t\t\t\t<a class=\"elementor-post__thumbnail__link\" href=\"https:\/\/sandbox.instacarro.com\/blog\/noticias\/byd-vira-quarta-forca-do-mercado-brasileiro-no-semestre\" tabindex=\"-1\" >\n\t\t\t<div class=\"elementor-post__thumbnail\"><img loading=\"lazy\" decoding=\"async\" width=\"768\" height=\"512\" src=\"https:\/\/sandbox.instacarro.com\/blog\/wp-content\/uploads\/2025\/07\/BYD-Dolphin-Mini-17-scaled-1-768x512.avif\" class=\"attachment-medium_large size-medium_large wp-image-310495 not-transparent\" alt=\"BYD Dolphin Mini - BYD lidera vendas no Brasil - km por litro\" srcset=\"https:\/\/sandbox.instacarro.com\/blog\/wp-content\/uploads\/2025\/07\/BYD-Dolphin-Mini-17-scaled-1-768x512.avif 768w, https:\/\/sandbox.instacarro.com\/blog\/wp-content\/uploads\/2025\/07\/BYD-Dolphin-Mini-17-scaled-1-300x200.avif 300w, https:\/\/sandbox.instacarro.com\/blog\/wp-content\/uploads\/2025\/07\/BYD-Dolphin-Mini-17-scaled-1-1024x683.avif 1024w, https:\/\/sandbox.instacarro.com\/blog\/wp-content\/uploads\/2025\/07\/BYD-Dolphin-Mini-17-scaled-1-1536x1024.avif 1536w, https:\/\/sandbox.instacarro.com\/blog\/wp-content\/uploads\/2025\/07\/BYD-Dolphin-Mini-17-scaled-1-2048x1366.avif 2048w, https:\/\/sandbox.instacarro.com\/blog\/wp-content\/uploads\/2025\/07\/BYD-Dolphin-Mini-17-scaled-1-150x100.avif 150w, https:\/\/sandbox.instacarro.com\/blog\/wp-content\/uploads\/2025\/07\/BYD-Dolphin-Mini-17-scaled-1-e1752524814998.avif 1280w\" sizes=\"(max-width: 768px) 100vw, 768px\" data-has-transparency=\"false\" data-dominant-color=\"7c7a79\" style=\"--dominant-color: #7c7a79\" \/><\/div>\n\t\t<\/a>\n\t\t\t\t<div class=\"elementor-post__text\">\n\t\t\t\t<h2 class=\"elementor-post__title\">\n\t\t\t<a href=\"https:\/\/sandbox.instacarro.com\/blog\/noticias\/byd-vira-quarta-forca-do-mercado-brasileiro-no-semestre\" >\n\t\t\t\tBYD vira quarta for\u00e7a do mercado brasileiro no semestre\t\t\t<\/a>\n\t\t<\/h2>\n\t\t\t\t<div class=\"elementor-post__meta-data\">\n\t\t\t\t\t<span class=\"elementor-post-author\">\n\t\t\tFernando Naccari\t\t<\/span>\n\t\t\t\t<span class=\"elementor-post-date\">\n\t\t\tjulho 2, 2026\t\t<\/span>\n\t\t\t\t<\/div>\n\t\t\t\t<div class=\"elementor-post__excerpt\">\n\t\t\t<p>Com quase 100 mil emplacamentos no semestre, fabricante chinesa transforma\t\t<\/div>\n\t\t\t\t<\/div>\n\t\t\t\t<\/article>\n\t\t\t\t<article class=\"elementor-post elementor-grid-item post-314729 post type-post status-publish format-standard has-post-thumbnail hentry category-noticias\" role=\"listitem\">\n\t\t\t\t<a class=\"elementor-post__thumbnail__link\" href=\"https:\/\/sandbox.instacarro.com\/blog\/noticias\/byd-chega-a-300-mil-carros-vendidos-no-brasil\" tabindex=\"-1\" >\n\t\t\t<div class=\"elementor-post__thumbnail\"><img loading=\"lazy\" decoding=\"async\" width=\"768\" height=\"512\" src=\"https:\/\/sandbox.instacarro.com\/blog\/wp-content\/uploads\/2024\/11\/IMG_0012-768x512.jpg\" class=\"attachment-medium_large size-medium_large wp-image-303744\" alt=\"BYD Dolphin Mini Branco\" srcset=\"https:\/\/sandbox.instacarro.com\/blog\/wp-content\/uploads\/2024\/11\/IMG_0012-768x512.jpg 768w, https:\/\/sandbox.instacarro.com\/blog\/wp-content\/uploads\/2024\/11\/IMG_0012-300x200.jpg 300w, https:\/\/sandbox.instacarro.com\/blog\/wp-content\/uploads\/2024\/11\/IMG_0012-1024x682.jpg 1024w, https:\/\/sandbox.instacarro.com\/blog\/wp-content\/uploads\/2024\/11\/IMG_0012.jpg 1280w\" sizes=\"(max-width: 768px) 100vw, 768px\" \/><\/div>\n\t\t<\/a>\n\t\t\t\t<div class=\"elementor-post__text\">\n\t\t\t\t<h2 class=\"elementor-post__title\">\n\t\t\t<a href=\"https:\/\/sandbox.instacarro.com\/blog\/noticias\/byd-chega-a-300-mil-carros-vendidos-no-brasil\" >\n\t\t\t\tBYD chega a 300 mil carros vendidos no Brasil\t\t\t<\/a>\n\t\t<\/h2>\n\t\t\t\t<div class=\"elementor-post__meta-data\">\n\t\t\t\t\t<span class=\"elementor-post-author\">\n\t\t\tFernando Naccari\t\t<\/span>\n\t\t\t\t<span class=\"elementor-post-date\">\n\t\t\tjunho 22, 2026\t\t<\/span>\n\t\t\t\t<\/div>\n\t\t\t\t<div class=\"elementor-post__excerpt\">\n\t\t\t<p>Marca chinesa levou apenas seis meses para saltar de 200\t\t<\/div>\n\t\t\t\t<\/div>\n\t\t\t\t<\/article>\n\t\t\t\t<article class=\"elementor-post elementor-grid-item post-314717 post type-post status-publish format-standard has-post-thumbnail hentry category-noticias\" role=\"listitem\">\n\t\t\t\t<a class=\"elementor-post__thumbnail__link\" href=\"https:\/\/sandbox.instacarro.com\/blog\/noticias\/uber-atualiza-lista-de-carros-do-black-e-comfort-para-2027\" tabindex=\"-1\" >\n\t\t\t<div class=\"elementor-post__thumbnail\"><img loading=\"lazy\" decoding=\"async\" width=\"768\" height=\"512\" src=\"https:\/\/sandbox.instacarro.com\/blog\/wp-content\/uploads\/2026\/06\/AdobeStock_451200655-1-768x512.avif\" class=\"attachment-medium_large size-medium_large wp-image-314718 not-transparent\" alt=\"Uber retira modelos do Comfort e Black a partir de 2027\" srcset=\"https:\/\/sandbox.instacarro.com\/blog\/wp-content\/uploads\/2026\/06\/AdobeStock_451200655-1-768x512.avif 768w, https:\/\/sandbox.instacarro.com\/blog\/wp-content\/uploads\/2026\/06\/AdobeStock_451200655-1-300x200.avif 300w, https:\/\/sandbox.instacarro.com\/blog\/wp-content\/uploads\/2026\/06\/AdobeStock_451200655-1-1024x683.avif 1024w, https:\/\/sandbox.instacarro.com\/blog\/wp-content\/uploads\/2026\/06\/AdobeStock_451200655-1-150x100.avif 150w, https:\/\/sandbox.instacarro.com\/blog\/wp-content\/uploads\/2026\/06\/AdobeStock_451200655-1.avif 1200w\" sizes=\"(max-width: 768px) 100vw, 768px\" data-has-transparency=\"false\" data-dominant-color=\"7b7978\" style=\"--dominant-color: #7b7978\" \/><\/div>\n\t\t<\/a>\n\t\t\t\t<div class=\"elementor-post__text\">\n\t\t\t\t<h2 class=\"elementor-post__title\">\n\t\t\t<a href=\"https:\/\/sandbox.instacarro.com\/blog\/noticias\/uber-atualiza-lista-de-carros-do-black-e-comfort-para-2027\" >\n\t\t\t\tUber atualiza lista de carros do Black e Comfort para 2027\t\t\t<\/a>\n\t\t<\/h2>\n\t\t\t\t<div class=\"elementor-post__meta-data\">\n\t\t\t\t\t<span class=\"elementor-post-author\">\n\t\t\tFernando Naccari\t\t<\/span>\n\t\t\t\t<span class=\"elementor-post-date\">\n\t\t\tjunho 22, 2026\t\t<\/span>\n\t\t\t\t<\/div>\n\t\t\t\t<div class=\"elementor-post__excerpt\">\n\t\t\t<p>Mudan\u00e7a afeta carros populares usados por motoristas de aplicativo e\t\t<\/div>\n\t\t\t\t<\/div>\n\t\t\t\t<\/article>\n\t\t\t\t<\/div>\n\t\t\t\t\t<span class=\"e-load-more-spinner\">\n\t\t\t\t<svg aria-hidden=\"true\" class=\"e-font-icon-svg e-fas-spinner\" viewBox=\"0 0 512 512\" xmlns=\"http:\/\/www.w3.org\/2000\/svg\"><path d=\"M304 48c0 26.51-21.49 48-48 48s-48-21.49-48-48 21.49-48 48-48 48 21.49 48 48zm-48 368c-26.51 0-48 21.49-48 48s21.49 48 48 48 48-21.49 48-48-21.49-48-48-48zm208-208c-26.51 0-48 21.49-48 48s21.49 48 48 48 48-21.49 48-48-21.49-48-48-48zM96 256c0-26.51-21.49-48-48-48S0 229.49 0 256s21.49 48 48 48 48-21.49 48-48zm12.922 99.078c-26.51 0-48 21.49-48 48s21.49 48 48 48 48-21.49 48-48c0-26.509-21.491-48-48-48zm294.156 0c-26.51 0-48 21.49-48 48s21.49 48 48 48 48-21.49 48-48c0-26.509-21.49-48-48-48zM108.922 60.922c-26.51 0-48 21.49-48 48s21.49 48 48 48 48-21.49 48-48-21.491-48-48-48z\"><\/path><\/svg>\t\t\t<\/span>\n\t\t\n\t\t\t\t<div class=\"e-load-more-anchor\" data-page=\"1\" data-max-page=\"69\" data-next-page=\"https:\/\/sandbox.instacarro.com\/blog\/wp-json\/wp\/v2\/pages\/306529\/page\/2\"><\/div>\n\t\t\t\t<div class=\"elementor-button-wrapper\">\n\t\t\t<a class=\"elementor-button elementor-size-sm\" role=\"button\">\n\t\t\t\t\t\t<span class=\"elementor-button-content-wrapper\">\n\t\t\t\t\t\t\t\t\t<span class=\"elementor-button-text\">Veja Mais <\/span>\n\t\t\t\t\t<\/span>\n\t\t\t\t\t<\/a>\n\t\t<\/div>\n\t\t\t\t<div class=\"e-load-more-message\"><\/div>\n\t\t\t\t\t\t<\/div>\n\t\t\t\t<\/div>\n\t\t\t\t\t<\/div>\n\t\t\t\t<\/div>\n\t\t<div class=\"elementor-element elementor-element-63dcdde e-flex e-con-boxed e-con e-parent\" data-id=\"63dcdde\" data-element_type=\"container\" data-e-type=\"container\">\n\t\t\t\t\t<div class=\"e-con-inner\">\n\t\t\t\t<div class=\"elementor-element elementor-element-360e618 elementor-widget elementor-widget-spacer\" data-id=\"360e618\" data-element_type=\"widget\" data-e-type=\"widget\" data-widget_type=\"spacer.default\">\n\t\t\t\t<div class=\"elementor-widget-container\">\n\t\t\t\t\t\t\t<div class=\"elementor-spacer\">\n\t\t\t<div class=\"elementor-spacer-inner\"><\/div>\n\t\t<\/div>\n\t\t\t\t\t\t<\/div>\n\t\t\t\t<\/div>\n\t\t\t\t\t<\/div>\n\t\t\t\t<\/div>\n\t\t\t\t<\/div>\n\t\t","protected":false},"excerpt":{"rendered":"<p>Blog &gt; Not\u00edcias<\/p>\n","protected":false},"author":75,"featured_media":0,"parent":0,"menu_order":0,"comment_status":"closed","ping_status":"closed","template":"","meta":{"_thinkrank_schema_form_data":"","_thinkrank_selected_schema_type":"","_thinkrank_additional_schemas":"","_thinkrank_canonical_url":"","_thinkrank_og_title":"","_thinkrank_og_description":"","_thinkrank_og_image":"","_thinkrank_twitter_title":"","_thinkrank_twitter_description":"","_thinkrank_twitter_image":"","_thinkrank_imported_from":"","_thinkrank_focus_keywords":[],"_thinkrank_focus_keyword":"","_thinkrank_robots_meta_enabled":0,"_thinkrank_robots_meta":"","_thinkrank_advanced_robots_meta":"","_thinkrank_primary_category":0,"footnotes":""},"class_list":["post-306529","page","type-page","status-publish","hentry"],"_links":{"self":[{"href":"https:\/\/sandbox.instacarro.com\/blog\/wp-json\/wp\/v2\/pages\/306529","targetHints":{"allow":["GET"]}}],"collection":[{"href":"https:\/\/sandbox.instacarro.com\/blog\/wp-json\/wp\/v2\/pages"}],"about":[{"href":"https:\/\/sandbox.instacarro.com\/blog\/wp-json\/wp\/v2\/types\/page"}],"author":[{"embeddable":true,"href":"https:\/\/sandbox.instacarro.com\/blog\/wp-json\/wp\/v2\/users\/75"}],"replies":[{"embeddable":true,"href":"https:\/\/sandbox.instacarro.com\/blog\/wp-json\/wp\/v2\/comments?post=306529"}],"version-history":[{"count":16,"href":"https:\/\/sandbox.instacarro.com\/blog\/wp-json\/wp\/v2\/pages\/306529\/revisions"}],"predecessor-version":[{"id":307377,"href":"https:\/\/sandbox.instacarro.com\/blog\/wp-json\/wp\/v2\/pages\/306529\/revisions\/307377"}],"wp:attachment":[{"href":"https:\/\/sandbox.instacarro.com\/blog\/wp-json\/wp\/v2\/media?parent=306529"}],"curies":[{"name":"wp","href":"https:\/\/api.w.org\/{rel}","templated":true}]}}